{"id":2010,"date":"2019-06-13T10:27:28","date_gmt":"2019-06-13T08:27:28","guid":{"rendered":"http:\/\/192.168.2.100:8888\/de-schakel\/de-schakel\/"},"modified":"2020-01-22T12:23:15","modified_gmt":"2020-01-22T11:23:15","slug":"de-schakel","status":"publish","type":"page","link":"https:\/\/schakel.org\/fr\/","title":{"rendered":"De Schakel"},"content":{"rendered":"<p><div class=\"fusion-fullwidth fullwidth-box fusion-builder-row-1 nonhundred-percent-fullwidth non-hundred-percent-height-scrolling\" style=\"background-color: #5889bd;background-position: center center;background-repeat: no-repeat;padding-top:0px;padding-right:3%;padding-bottom:0px;padding-left:3%;margin-bottom: 0px;margin-top: 0px;border-width: 0px 0px 0px 0px;border-color:#eae9e9;border-style:solid;\" ><div class=\"fusion-builder-row fusion-row\"><div class=\"fusion-layout-column fusion_builder_column fusion-builder-column-0 fusion_builder_column_1_1 1_1 fusion-one-full fusion-column-first fusion-column-last fusion-column-no-min-height\" style=\"margin-top:-7%;margin-bottom:0px;\"><div class=\"fusion-column-wrapper fusion-flex-column-wrapper-legacy\" style=\"background-position:left top;background-repeat:no-repeat;-webkit-background-size:cover;-moz-background-size:cover;-o-background-size:cover;background-size:cover;padding: 0px 0px 0px 0px;\"><div class=\"fusion-content-boxes content-boxes columns row fusion-columns-4 fusion-columns-total-4 fusion-content-boxes-1 content-boxes-icon-boxed content-left\" data-animationOffset=\"100%\" style=\"margin-top:1%;margin-bottom:1%;\"><style type=\"text\/css\">.fusion-content-boxes-1 .heading .content-box-heading {color:#ffffff;}\n\t\t\t\t\t.fusion-content-boxes-1 .fusion-content-box-hover .link-area-link-icon-hover .heading .content-box-heading,\n\t\t\t\t\t.fusion-content-boxes-1 .fusion-content-box-hover .link-area-link-icon-hover .heading .heading-link .content-box-heading,\n\t\t\t\t\t.fusion-content-boxes-1 .fusion-content-box-hover .link-area-box-hover .heading .content-box-heading,\n\t\t\t\t\t.fusion-content-boxes-1 .fusion-content-box-hover .link-area-box-hover .heading .heading-link .content-box-heading,\n\t\t\t\t\t.fusion-content-boxes-1 .fusion-content-box-hover .link-area-link-icon-hover.link-area-box .fusion-read-more,\n\t\t\t\t\t.fusion-content-boxes-1 .fusion-content-box-hover .link-area-link-icon-hover.link-area-box .fusion-read-more::after,\n\t\t\t\t\t.fusion-content-boxes-1 .fusion-content-box-hover .link-area-link-icon-hover.link-area-box .fusion-read-more::before,\n\t\t\t\t\t.fusion-content-boxes-1 .fusion-content-box-hover .fusion-read-more:hover:after,\n\t\t\t\t\t.fusion-content-boxes-1 .fusion-content-box-hover .fusion-read-more:hover:before,\n\t\t\t\t\t.fusion-content-boxes-1 .fusion-content-box-hover .fusion-read-more:hover,\n\t\t\t\t\t.fusion-content-boxes-1 .fusion-content-box-hover .link-area-box-hover.link-area-box .fusion-read-more,\n\t\t\t\t\t.fusion-content-boxes-1 .fusion-content-box-hover .link-area-box-hover.link-area-box .fusion-read-more::after,\n\t\t\t\t\t.fusion-content-boxes-1 .fusion-content-box-hover .link-area-box-hover.link-area-box .fusion-read-more::before,\n\t\t\t\t\t.fusion-content-boxes-1 .fusion-content-box-hover .link-area-link-icon-hover .icon .circle-no,\n\t\t\t\t\t.fusion-content-boxes-1 .heading .heading-link:hover .content-box-heading {\n\t\t\t\t\t\tcolor: #f26f6f;\n\t\t\t\t\t}\n\t\t\t\t\t.fusion-content-boxes-1 .fusion-content-box-hover .link-area-box-hover .icon .circle-no {\n\t\t\t\t\t\tcolor: #f26f6f !important;\n\t\t\t\t\t}.fusion-content-boxes-1 .fusion-content-box-hover .link-area-box.link-area-box-hover .fusion-content-box-button {background: #3d4c68;color: #ffffff;}.fusion-content-boxes-1 .fusion-content-box-hover .link-area-box.link-area-box-hover .fusion-content-box-button .fusion-button-text {color: #ffffff;}\n\t\t\t\t\t.fusion-content-boxes-1 .fusion-content-box-hover .link-area-link-icon-hover .heading .icon > span {\n\t\t\t\t\t\tbackground-color: #f26f6f !important;\n\t\t\t\t\t}\n\t\t\t\t\t.fusion-content-boxes-1 .fusion-content-box-hover .link-area-box-hover .heading .icon > span {\n\t\t\t\t\t\tborder-color: #f26f6f !important;\n\t\t\t\t\t}<\/style><div class=\"fusion-column content-box-column content-box-column content-box-column-1 col-lg-3 col-md-3 col-sm-3 fusion-content-box-hover content-box-column-first-in-row\"><div class=\"col content-box-wrapper content-wrapper-background content-wrapper-boxed link-area-box link-type-button icon-hover-animation-slide\" style=\"background-color:#3d4c68;\" data-link=\"https:\/\/schakel.org\/fr\/carte-e-inclusion\/\" data-link-target=\"_self\" data-animationOffset=\"100%\"><div class=\"heading heading-with-icon icon-left\"><a class=\"heading-link\" href=\"https:\/\/schakel.org\/fr\/carte-e-inclusion\/\" target=\"_self\"><div class=\"icon\"><i style=\"border-color:#ffffff;border-width:4px;background-color:#f26f6f;box-sizing:content-box;height:80px;width:80px;line-height:80px;top:-90px;margin-left:-40px;border-radius:50%;color:#ffffff;font-size:40px;\" aria-hidden=\"true\" class=\"fontawesome-icon fa-map-marked-alt fas circle-yes\"><\/i><\/div><h2 class=\"content-box-heading\" style=\"font-size:18px;line-height:23px;\">CARTE D'E-INCLUSION<\/h2><\/a><\/div><div class=\"fusion-clearfix\"><\/div><div class=\"content-container\" style=\"color:#ffffff;\">\n<p>Trouvez dans le quartier Brabant des salles informatiques, de l&rsquo;aide \u00e0 l&rsquo;administration en ligne, Wi-Fi gratuit, &#8230;<\/p>\n<\/div><div class=\"fusion-clearfix\"><\/div><a class=\"fusion-read-more-button fusion-content-box-button fusion-button button-default button-xlarge button- button-flat\" href=\"https:\/\/schakel.org\/fr\/carte-e-inclusion\/\" target=\"_self\"><span class=\"fusion-button-text\">Lire plus<\/span><\/a><div class=\"fusion-clearfix\"><\/div><\/div><\/div><div class=\"fusion-column content-box-column content-box-column content-box-column-2 col-lg-3 col-md-3 col-sm-3 fusion-content-box-hover \"><div class=\"col content-box-wrapper content-wrapper-background content-wrapper-boxed link-area-box link-type-button icon-hover-animation-slide\" style=\"background-color:#3d4c68;\" data-link=\"https:\/\/schakel.org\/fr\/actualites-et-publications\/actualites\/\" data-link-target=\"_self\" data-animationOffset=\"100%\"><div class=\"heading heading-with-icon icon-left\"><a class=\"heading-link\" href=\"https:\/\/schakel.org\/fr\/actualites-et-publications\/actualites\/\" target=\"_self\"><div class=\"icon\"><i style=\"border-color:#ffffff;border-width:4px;background-color:#f26f6f;box-sizing:content-box;height:80px;width:80px;line-height:80px;top:-90px;margin-left:-40px;border-radius:50%;color:#ffffff;font-size:40px;\" aria-hidden=\"true\" class=\"fontawesome-icon fa-newspaper fas circle-yes\"><\/i><\/div><h2 class=\"content-box-heading\" style=\"font-size:18px;line-height:23px;\">ACTUALIT\u00c9S<\/h2><\/a><\/div><div class=\"fusion-clearfix\"><\/div><div class=\"content-container\" style=\"color:#ffffff;\">\n<p>Ici, nous vous tenons au courant de ce qui se passe et bouge dans le quartier du Brabant.<\/p>\n<\/div><div class=\"fusion-clearfix\"><\/div><a class=\"fusion-read-more-button fusion-content-box-button fusion-button button-default button-xlarge button- button-flat\" href=\"https:\/\/schakel.org\/fr\/actualites-et-publications\/actualites\/\" target=\"_self\"><span class=\"fusion-button-text\">Lire plus<\/span><\/a><div class=\"fusion-clearfix\"><\/div><\/div><\/div><div class=\"fusion-column content-box-column content-box-column content-box-column-3 col-lg-3 col-md-3 col-sm-3 fusion-content-box-hover \"><div class=\"col content-box-wrapper content-wrapper-background content-wrapper-boxed link-area-box link-type-button icon-hover-animation-slide\" style=\"background-color:#3d4c68;\" data-link=\"https:\/\/schakel.org\/fr\/actualites-et-publications\/publications\/\" data-link-target=\"_self\" data-animationOffset=\"100%\"><div class=\"heading heading-with-icon icon-left\"><a class=\"heading-link\" href=\"https:\/\/schakel.org\/fr\/actualites-et-publications\/publications\/\" target=\"_self\"><div class=\"icon\"><i style=\"border-color:#ffffff;border-width:4px;background-color:#f26f6f;box-sizing:content-box;height:80px;width:80px;line-height:80px;top:-90px;margin-left:-40px;border-radius:50%;color:#ffffff;font-size:40px;\" aria-hidden=\"true\" class=\"fontawesome-icon fa-book fas circle-yes\"><\/i><\/div><h2 class=\"content-box-heading\" style=\"font-size:18px;line-height:23px;\">PUBLICATIONS<\/h2><\/a><\/div><div class=\"fusion-clearfix\"><\/div><div class=\"content-container\" style=\"color:#ffffff;\">\n<p>Vous trouverez ici de plus amples informations sur nos projets, actions et activit\u00e9s.<\/p>\n<\/div><div class=\"fusion-clearfix\"><\/div><a class=\"fusion-read-more-button fusion-content-box-button fusion-button button-default button-xlarge button- button-flat\" href=\"https:\/\/schakel.org\/fr\/actualites-et-publications\/publications\/\" target=\"_self\"><span class=\"fusion-button-text\">Lire plus<\/span><\/a><div class=\"fusion-clearfix\"><\/div><\/div><\/div><div class=\"fusion-column content-box-column content-box-column content-box-column-4 col-lg-3 col-md-3 col-sm-3 fusion-content-box-hover content-box-column-last content-box-column-last-in-row\"><div class=\"col content-box-wrapper content-wrapper-background content-wrapper-boxed link-area-box link-type-button icon-hover-animation-slide\" style=\"background-color:#3d4c68;\" data-link=\"https:\/\/schakel.org\/fr\/actualites-et-publications\/activites\/\" data-link-target=\"_self\" data-animationOffset=\"100%\"><div class=\"heading heading-with-icon icon-left\"><a class=\"heading-link\" href=\"https:\/\/schakel.org\/fr\/actualites-et-publications\/activites\/\" target=\"_self\"><div class=\"icon\"><i style=\"border-color:#ffffff;border-width:4px;background-color:#f26f6f;box-sizing:content-box;height:80px;width:80px;line-height:80px;top:-90px;margin-left:-40px;border-radius:50%;color:#ffffff;font-size:40px;\" aria-hidden=\"true\" class=\"fontawesome-icon fa-calendar-alt fas circle-yes\"><\/i><\/div><h2 class=\"content-box-heading\" style=\"font-size:18px;line-height:23px;\">ACTIVIT\u00c9S<\/h2><\/a><\/div><div class=\"fusion-clearfix\"><\/div><div class=\"content-container\" style=\"color:#ffffff;\">\n<p>Tout le monde est invit\u00e9 \u00e0 participer \u00e0 nos activit\u00e9s ! Consultez notre programme mensuel ici.<\/p>\n<\/div><div class=\"fusion-clearfix\"><\/div><a class=\"fusion-read-more-button fusion-content-box-button fusion-button button-default button-xlarge button- button-flat\" href=\"https:\/\/schakel.org\/fr\/actualites-et-publications\/activites\/\" target=\"_self\"><span class=\"fusion-button-text\">Lire plus<\/span><\/a><div class=\"fusion-clearfix\"><\/div><\/div><\/div><style type=\"text\/css\">\n\t\t\t\t\t\t.fusion-content-boxes-1 .fusion-content-box-hover .heading-link:hover .icon i.circle-yes,\n\t\t\t\t\t\t.fusion-content-boxes-1 .fusion-content-box-hover .link-area-box:hover .heading-link .icon i.circle-yes,\n\t\t\t\t\t\t.fusion-content-boxes-1 .fusion-content-box-hover .link-area-link-icon-hover .heading .icon i.circle-yes,\n\t\t\t\t\t\t.fusion-content-boxes-1 .fusion-content-box-hover .link-area-box-hover .heading .icon i.circle-yes {\n\t\t\t\t\t\t\tbackground-color: #f26f6f !important;\n\t\t\t\t\t\t\tborder-color: #f26f6f !important;\n\t\t\t\t\t\t}<\/style><div class=\"fusion-clearfix\"><\/div><\/div><div class=\"fusion-clearfix\"><\/div><\/div><\/div><\/div><\/div><div class=\"fusion-fullwidth fullwidth-box fusion-builder-row-2 nonhundred-percent-fullwidth non-hundred-percent-height-scrolling\" style=\"background-color: #5889bd;background-position: center center;background-repeat: no-repeat;padding-top:7%;padding-right:3%;padding-bottom:3%;padding-left:3%;margin-bottom: 0px;margin-top: 0px;border-width: 0px 0px 0px 0px;border-color:#eae9e9;border-style:solid;\" ><div class=\"fusion-builder-row fusion-row\"><div class=\"fusion-layout-column fusion_builder_column fusion-builder-column-1 fusion_builder_column_1_1 1_1 fusion-one-full fusion-column-first fusion-column-last fusion-column-no-min-height\" style=\"margin-top:0px;margin-bottom:4%;\"><div class=\"fusion-column-wrapper fusion-flex-column-wrapper-legacy\" style=\"background-position:left top;background-repeat:no-repeat;-webkit-background-size:cover;-moz-background-size:cover;-o-background-size:cover;background-size:cover;padding: 0px 0px 0px 0px;\"><div class=\"fusion-text fusion-text-1\" style=\"transform:translate3d(0,0,0);\"><h2 style=\"text-align: center; color: #fff;\">La mission de l&rsquo;asbl Wijkpartenariat-De Schakel<\/h2>\n<p style=\"text-align: center; color: #fff; font-size: 22px; line-height: 30px;\">La mission de l&rsquo;ASBL Wijkpartenariaat-De Schakel est la lutte contre la pauvret\u00e9 et le d\u00e9veloppement des quartiers sociaux dans le district du Brabant. Pour ce faire, nous construisons un quartier int\u00e9gr\u00e9 qui veut connecter et renforcer les gens.<\/p>\n<\/div><div class=\"fusion-sep-clear\"><\/div><div class=\"fusion-separator fusion-full-width-sep\" style=\"margin-left: auto;margin-right: auto;margin-top:3%;width:100%;\"><\/div><div class=\"fusion-sep-clear\"><\/div><div class=\"fusion-aligncenter\"><style type=\"text\/css\">.fusion-button.button-1 .fusion-button-text, .fusion-button.button-1 i {color:#5889bd;}.fusion-button.button-1 .fusion-button-icon-divider{border-color:#5889bd;}.fusion-button.button-1:hover .fusion-button-text, .fusion-button.button-1:hover i,.fusion-button.button-1:focus .fusion-button-text, .fusion-button.button-1:focus i,.fusion-button.button-1:active .fusion-button-text, .fusion-button.button-1:active{color:#ffffff;}.fusion-button.button-1:hover .fusion-button-icon-divider, .fusion-button.button-1:hover .fusion-button-icon-divider, .fusion-button.button-1:active .fusion-button-icon-divider{border-color:#ffffff;}.fusion-button.button-1:hover, .fusion-button.button-1:focus, .fusion-button.button-1:active{border-color:#ffffff;}.fusion-button.button-1 {border-color:#5889bd;border-radius:2px;}.fusion-button.button-1{background: #ffffff;}.fusion-button.button-1:hover,.button-1:focus,.fusion-button.button-1:active{background: #3d4c68;}<\/style><a class=\"fusion-button button-flat fusion-button-default-size button-custom button-1 fusion-button-default-span fusion-button-default-type\" target=\"_self\" href=\"https:\/\/schakel.org\/fr\/a-propos\/\"><span class=\"fusion-button-text\">Plus \u00e0 propos de nous<\/span><\/a><\/div><div class=\"fusion-sep-clear\"><\/div><div class=\"fusion-separator fusion-full-width-sep\" style=\"margin-left: auto;margin-right: auto;margin-top:3%;width:100%;\"><\/div><div class=\"fusion-sep-clear\"><\/div><div class=\"fusion-clearfix\"><\/div><\/div><\/div><\/div><\/div><div class=\"fusion-fullwidth fullwidth-box fusion-builder-row-3 nonhundred-percent-fullwidth non-hundred-percent-height-scrolling fusion-equal-height-columns\" style=\"background-color: #ffffff;background-position: center center;background-repeat: no-repeat;padding-top:7%;padding-right:3%;padding-bottom:3%;padding-left:3%;margin-bottom: 0px;margin-top: 0px;border-width: 0px 0px 0px 0px;border-color:#eae9e9;border-style:solid;\" ><div class=\"fusion-builder-row fusion-row\"><div class=\"fusion-layout-column fusion_builder_column fusion-builder-column-2 fusion_builder_column_1_2 1_2 fusion-one-half fusion-column-first\" style=\"width:48%; margin-right: 4%;margin-top:0px;margin-bottom:4%;\"><div class=\"fusion-column-wrapper fusion-flex-column-wrapper-legacy\" style=\"background-position:left top;background-repeat:no-repeat;-webkit-background-size:cover;-moz-background-size:cover;-o-background-size:cover;background-size:cover;background-color:#efeee8;padding: 3% 3% 0px 3%;\"><style type=\"text\/css\"><\/style><div class=\"fusion-title title fusion-title-1 fusion-sep-none fusion-title-text fusion-title-size-three\" style=\"margin-top:0px;margin-bottom:0px;\"><h3 class=\"title-heading-left\" style=\"margin:0;\">Derni\u00e8res Actualit\u00e9s<\/h3><\/div><div class=\"fusion-sep-clear\"><\/div><div class=\"fusion-separator fusion-full-width-sep\" style=\"margin-left: auto;margin-right: auto;margin-top:20px;width:100%;\"><\/div><div class=\"fusion-sep-clear\"><\/div><div class=\"fusion-recent-posts fusion-recent-posts-1 avada-container layout-thumbnails-on-side layout-columns-1\"><section class=\"fusion-columns columns fusion-columns-1 columns-1\"><article class=\"post fusion-column column col col-lg-12 col-md-12 col-sm-12\"><div class=\"recent-posts-content\"><span class=\"updated\" style=\"display:none;\">2025-05-23T16:49:05+02:00<\/span><h4 class=\"entry-title\"><a href=\"https:\/\/schakel.org\/fr\/maandelijks-programma\/\">Maandelijks programma \/ programme du mois<\/a><\/h4><p> programma's De Schakel 2025 (3)     <a href=\"https:\/\/schakel.org\/fr\/maandelijks-programma\/\"><\/a><a href=\"https:\/\/schakel.org\/fr\/maandelijks-programma\/\" title=\"Lees meer\">... <\/a><br><\/p><div class=\"fusion-button-wrapper lees-meer-div\"><a href=\"https:\/\/schakel.org\/fr\/maandelijks-programma\/\" class=\"fusion-button button-flat fusion-button-square button-small fusion-button-span-no lees-meer\" title=\"Lees meer\"><span class=\"fusion-button-text\">Lees meer<\/span><\/a><\/div><\/div><\/article><article class=\"post fusion-column column col col-lg-12 col-md-12 col-sm-12\"><div class=\"fusion-flexslider fusion-flexslider-loading flexslider floated-slideshow flexslider-hover-type-zoomin\"><ul class=\"slides\"><li><a href=\"https:\/\/schakel.org\/fr\/journee-de-la-lutte-contre-la-pauvrete-et-lexclusion-sociale\/\" aria-label=\"Journ\u00e9e de la lutte contre la pauvret\u00e9 et l&rsquo;exclusion sociale\" class=\"hover-type-zoomin\"><img width=\"177\" height=\"142\" src=\"data:image\/svg+xml,%3Csvg%20xmlns%3D%27http%3A%2F%2Fwww.w3.org%2F2000%2Fsvg%27%20width%3D%27177%27%20height%3D%27142%27%20viewBox%3D%270%200%20177%20142%27%3E%3Crect%20width%3D%27177%27%20height%3D%273142%27%20fill-opacity%3D%220%22%2F%3E%3C%2Fsvg%3E\" data-orig-src=\"https:\/\/schakel.org\/wp-content\/uploads\/2021\/09\/affiche-site-FR-177x142.jpg\" class=\"lazyload attachment-portfolio-five size-portfolio-five\" alt=\"\" decoding=\"async\" \/><\/a><\/li><\/ul><\/div><div class=\"recent-posts-content\"><span class=\"updated\" style=\"display:none;\">2021-09-30T15:04:30+02:00<\/span><h4 class=\"entry-title\"><a href=\"https:\/\/schakel.org\/fr\/journee-de-la-lutte-contre-la-pauvrete-et-lexclusion-sociale\/\">Journ\u00e9e de la lutte contre la pauvret\u00e9 et l&rsquo;exclusion sociale<\/a><\/h4><p> <a href=\"https:\/\/schakel.org\/fr\/journee-de-la-lutte-contre-la-pauvrete-et-lexclusion-sociale\/\"><\/a><a href=\"https:\/\/schakel.org\/fr\/journee-de-la-lutte-contre-la-pauvrete-et-lexclusion-sociale\/\" title=\"Lees meer\">... <\/a><br><\/p><div class=\"fusion-button-wrapper lees-meer-div\"><a href=\"https:\/\/schakel.org\/fr\/journee-de-la-lutte-contre-la-pauvrete-et-lexclusion-sociale\/\" class=\"fusion-button button-flat fusion-button-square button-small fusion-button-span-no lees-meer\" title=\"Lees meer\"><span class=\"fusion-button-text\">Lees meer<\/span><\/a><\/div><\/div><\/article><article class=\"post fusion-column column col col-lg-12 col-md-12 col-sm-12\"><div class=\"fusion-flexslider fusion-flexslider-loading flexslider floated-slideshow flexslider-hover-type-zoomin\"><ul class=\"slides\"><li><a href=\"https:\/\/schakel.org\/fr\/17-10-dag-van-verzet-tegen-armoede-en-sociale-uitsluiting\/\" aria-label=\"17\/10 Dag van verzet tegen Armoede en sociale uitsluiting\" class=\"hover-type-zoomin\"><img width=\"177\" height=\"142\" src=\"data:image\/svg+xml,%3Csvg%20xmlns%3D%27http%3A%2F%2Fwww.w3.org%2F2000%2Fsvg%27%20width%3D%27177%27%20height%3D%27142%27%20viewBox%3D%270%200%20177%20142%27%3E%3Crect%20width%3D%27177%27%20height%3D%273142%27%20fill-opacity%3D%220%22%2F%3E%3C%2Fsvg%3E\" data-orig-src=\"https:\/\/schakel.org\/wp-content\/uploads\/2021\/09\/affiche-site-NL-177x142.jpg\" class=\"lazyload attachment-portfolio-five size-portfolio-five\" alt=\"\" decoding=\"async\" \/><\/a><\/li><\/ul><\/div><div class=\"recent-posts-content\"><span class=\"updated\" style=\"display:none;\">2021-09-30T15:01:17+02:00<\/span><h4 class=\"entry-title\"><a href=\"https:\/\/schakel.org\/fr\/17-10-dag-van-verzet-tegen-armoede-en-sociale-uitsluiting\/\">17\/10 Dag van verzet tegen Armoede en sociale uitsluiting<\/a><\/h4><p> <a href=\"https:\/\/schakel.org\/fr\/17-10-dag-van-verzet-tegen-armoede-en-sociale-uitsluiting\/\"><\/a><a href=\"https:\/\/schakel.org\/fr\/17-10-dag-van-verzet-tegen-armoede-en-sociale-uitsluiting\/\" title=\"Lees meer\">... <\/a><br><\/p><div class=\"fusion-button-wrapper lees-meer-div\"><a href=\"https:\/\/schakel.org\/fr\/17-10-dag-van-verzet-tegen-armoede-en-sociale-uitsluiting\/\" class=\"fusion-button button-flat fusion-button-square button-small fusion-button-span-no lees-meer\" title=\"Lees meer\"><span class=\"fusion-button-text\">Lees meer<\/span><\/a><\/div><\/div><\/article><\/section><\/div><div class=\"fusion-clearfix\"><\/div><\/div><\/div><div class=\"fusion-layout-column fusion_builder_column fusion-builder-column-3 fusion_builder_column_1_2 1_2 fusion-one-half fusion-column-last\" style=\"width:48%;margin-top:0px;margin-bottom:4%;\"><div class=\"fusion-column-wrapper fusion-flex-column-wrapper-legacy\" style=\"background-position:left top;background-repeat:no-repeat;-webkit-background-size:cover;-moz-background-size:cover;-o-background-size:cover;background-size:cover;background-color:#efeee8;padding: 3% 3% 0px 3%;\"><style type=\"text\/css\"><\/style><div class=\"fusion-title title fusion-title-2 fusion-sep-none fusion-title-text fusion-title-size-three\" style=\"margin-top:0px;margin-bottom:0px;\"><h3 class=\"title-heading-left\" style=\"margin:0;\">Derni\u00e8res Publications<\/h3><\/div><div class=\"fusion-sep-clear\"><\/div><div class=\"fusion-separator fusion-full-width-sep\" style=\"margin-left: auto;margin-right: auto;margin-top:20px;width:100%;\"><\/div><div class=\"fusion-sep-clear\"><\/div><div class=\"fusion-recent-posts fusion-recent-posts-2 avada-container layout-thumbnails-on-side layout-columns-1\"><section class=\"fusion-columns columns fusion-columns-1 columns-1\"><article class=\"post fusion-column column col col-lg-12 col-md-12 col-sm-12\"><div class=\"fusion-flexslider fusion-flexslider-loading flexslider floated-slideshow flexslider-hover-type-zoomin\"><ul class=\"slides\"><li><a href=\"https:\/\/schakel.org\/fr\/porte-ouverte\/\" aria-label=\"Porte Ouverte\" class=\"hover-type-zoomin\"><img width=\"177\" height=\"142\" src=\"data:image\/svg+xml,%3Csvg%20xmlns%3D%27http%3A%2F%2Fwww.w3.org%2F2000%2Fsvg%27%20width%3D%27177%27%20height%3D%27142%27%20viewBox%3D%270%200%20177%20142%27%3E%3Crect%20width%3D%27177%27%20height%3D%273142%27%20fill-opacity%3D%220%22%2F%3E%3C%2Fsvg%3E\" data-orig-src=\"https:\/\/schakel.org\/wp-content\/uploads\/2019\/09\/WP-De-Schakel-177x142.jpg\" class=\"lazyload attachment-portfolio-five size-portfolio-five\" alt=\"\" decoding=\"async\" \/><\/a><\/li><\/ul><\/div><div class=\"recent-posts-content\"><span class=\"updated\" style=\"display:none;\">2020-06-02T11:34:54+02:00<\/span><h4 class=\"entry-title\"><a href=\"https:\/\/schakel.org\/fr\/porte-ouverte\/\">Porte Ouverte<\/a><\/h4><p>Fin avril, le Partenariat de Quartier \u2013 De Schakel a ouvert ses portes au r\u00e9seau schaerbeekois de services sociaux et aux travailleurs sociaux du CPAS (CASS). L'objectif de ces portes ouvertes, organis\u00e9es par le CASS, est de permettre aux travailleurs sociaux de mieux connaitre le r\u00e9seau social et ainsi de mieux accompagner et orienter leur public cible.<\/p><\/div><\/article><article class=\"post fusion-column column col col-lg-12 col-md-12 col-sm-12\"><div class=\"fusion-flexslider fusion-flexslider-loading flexslider floated-slideshow flexslider-hover-type-zoomin\"><ul class=\"slides\"><li><a href=\"https:\/\/schakel.org\/fr\/numerisation-des-services-publics\/\" aria-label=\"Num\u00e9risation des services publics\" class=\"hover-type-zoomin\"><img width=\"177\" height=\"142\" src=\"data:image\/svg+xml,%3Csvg%20xmlns%3D%27http%3A%2F%2Fwww.w3.org%2F2000%2Fsvg%27%20width%3D%27177%27%20height%3D%27142%27%20viewBox%3D%270%200%20177%20142%27%3E%3Crect%20width%3D%27177%27%20height%3D%273142%27%20fill-opacity%3D%220%22%2F%3E%3C%2Fsvg%3E\" data-orig-src=\"https:\/\/schakel.org\/wp-content\/uploads\/2019\/09\/digitalisering-van-publieke-diensten-177x142.jpg\" class=\"lazyload attachment-portfolio-five size-portfolio-five\" alt=\"\" decoding=\"async\" \/><\/a><\/li><\/ul><\/div><div class=\"recent-posts-content\"><span class=\"updated\" style=\"display:none;\">2020-06-02T11:26:12+02:00<\/span><h4 class=\"entry-title\"><a href=\"https:\/\/schakel.org\/fr\/numerisation-des-services-publics\/\">Num\u00e9risation des services publics<\/a><\/h4><p>Le Partenariat de Quartier \u2013 De Schakel a expos\u00e9 son projet digital lors du s\u00e9minaire organis\u00e9 fin mai par Lire et Ecrire. Le s\u00e9minaire a mis en question l'effet de la digitalisation des services publics pour un public vuln\u00e9rable. La pr\u00e9sentation donne un bon aper\u00e7u de notre projet digital et refl\u00e8te notre vision, en tant qu'association active dans la lutte contre la pauvret\u00e9, \u00e0 propos de la digitalisation.<\/p><\/div><\/article><article class=\"post fusion-column column col col-lg-12 col-md-12 col-sm-12\"><div class=\"fusion-flexslider fusion-flexslider-loading flexslider floated-slideshow flexslider-hover-type-zoomin\"><ul class=\"slides\"><li><a href=\"https:\/\/schakel.org\/fr\/parcours-de-citoyennete-participatif-oriente-vers-la-pratique\/\" aria-label=\"Parcours de citoyennet\u00e9 participatif orient\u00e9 vers la pratique\" class=\"hover-type-zoomin\"><img width=\"177\" height=\"142\" src=\"data:image\/svg+xml,%3Csvg%20xmlns%3D%27http%3A%2F%2Fwww.w3.org%2F2000%2Fsvg%27%20width%3D%27177%27%20height%3D%27142%27%20viewBox%3D%270%200%20177%20142%27%3E%3Crect%20width%3D%27177%27%20height%3D%273142%27%20fill-opacity%3D%220%22%2F%3E%3C%2Fsvg%3E\" data-orig-src=\"https:\/\/schakel.org\/wp-content\/uploads\/2019\/09\/participatief-en-praktijkgericht-burgerschapstraject-177x142.jpg\" class=\"lazyload attachment-portfolio-five size-portfolio-five\" alt=\"\" decoding=\"async\" \/><\/a><\/li><\/ul><\/div><div class=\"recent-posts-content\"><span class=\"updated\" style=\"display:none;\">2020-06-02T11:20:40+02:00<\/span><h4 class=\"entry-title\"><a href=\"https:\/\/schakel.org\/fr\/parcours-de-citoyennete-participatif-oriente-vers-la-pratique\/\">Parcours de citoyennet\u00e9 participatif orient\u00e9 vers la pratique<\/a><\/h4><p>S'appuyant sur son double objectif, la lutte contre la pauvret\u00e9 et le d\u00e9veloppement social du quartier, l'asbl Partenariat de Quartier \u2013 De Schakel a mis en place un programme participatif d'accession \u00e0 la citoyennet\u00e9 ax\u00e9 sur la pratique, qui s'est d\u00e9roul\u00e9 de novembre 2017 \u00e0 d\u00e9cembre 2018.  Le contenu concret du programme fut amen\u00e9 par les visiteurs de l'asbl Partenariat de Quartier \u2013 De Schakel. Pour encourager la participation, la pratique a toujours servi de point de d\u00e9part. <\/p><\/div><\/article><\/section><\/div><div class=\"fusion-clearfix\"><\/div><\/div><\/div><div class=\"fusion-layout-column fusion_builder_column fusion-builder-column-4 fusion_builder_column_1_1 1_1 fusion-one-full fusion-column-first fusion-column-last fusion-column-no-min-height\" style=\"margin-top:0px;margin-bottom:4%;\"><div class=\"fusion-column-wrapper fusion-flex-column-wrapper-legacy\" style=\"background-position:left top;background-repeat:no-repeat;-webkit-background-size:cover;-moz-background-size:cover;-o-background-size:cover;background-size:cover;background-color:#efeee8;padding: 3% 3% 3% 3%;\"><style type=\"text\/css\"><\/style><div class=\"fusion-title title fusion-title-3 fusion-sep-none fusion-title-center fusion-title-text fusion-title-size-three\" style=\"margin-top:0px;margin-bottom:0px;\"><h3 class=\"title-heading-center\" style=\"margin:0;\">Prochains \u00c9venements<\/h3><\/div><div class=\"fusion-sep-clear\"><\/div><div class=\"fusion-separator fusion-full-width-sep\" style=\"margin-left: auto;margin-right: auto;margin-top:20px;width:100%;\"><\/div><div class=\"fusion-sep-clear\"><\/div><div class=\"fusion-clearfix\"><\/div><\/div><\/div><\/div><\/div><\/p>\n","protected":false},"excerpt":{"rendered":"","protected":false},"author":6,"featured_media":0,"parent":0,"menu_order":0,"comment_status":"closed","ping_status":"open","template":"100-width.php","meta":[],"_links":{"self":[{"href":"https:\/\/schakel.org\/fr\/wp-json\/wp\/v2\/pages\/2010"}],"collection":[{"href":"https:\/\/schakel.org\/fr\/wp-json\/wp\/v2\/pages"}],"about":[{"href":"https:\/\/schakel.org\/fr\/wp-json\/wp\/v2\/types\/page"}],"author":[{"embeddable":true,"href":"https:\/\/schakel.org\/fr\/wp-json\/wp\/v2\/users\/6"}],"replies":[{"embeddable":true,"href":"https:\/\/schakel.org\/fr\/wp-json\/wp\/v2\/comments?post=2010"}],"version-history":[{"count":13,"href":"https:\/\/schakel.org\/fr\/wp-json\/wp\/v2\/pages\/2010\/revisions"}],"predecessor-version":[{"id":2012,"href":"https:\/\/schakel.org\/fr\/wp-json\/wp\/v2\/pages\/2010\/revisions\/2012"}],"wp:attachment":[{"href":"https:\/\/schakel.org\/fr\/wp-json\/wp\/v2\/media?parent=2010"}],"curies":[{"name":"wp","href":"https:\/\/api.w.org\/{rel}","templated":true}]}}