{"id":2161,"date":"2015-02-17T18:08:25","date_gmt":"2015-02-17T17:08:25","guid":{"rendered":"http:\/\/192.168.2.100:8888\/de-schakel\/nieuws-and-publicaties\/nieuws\/"},"modified":"2019-12-12T10:19:11","modified_gmt":"2019-12-12T09:19:11","slug":"actualites","status":"publish","type":"page","link":"https:\/\/schakel.org\/fr\/actualites-et-publications\/actualites\/","title":{"rendered":"Actualit\u00e9s"},"content":{"rendered":"<p><div class=\"fusion-fullwidth fullwidth-box fusion-builder-row-1 nonhundred-percent-fullwidth non-hundred-percent-height-scrolling\" style=\"background-color: #efeee8;background-position: center bottom;background-repeat: no-repeat;padding-top:7%;padding-right:3%;padding-bottom:3%;padding-left:3%;margin-bottom: 0px;margin-top: 0px;border-width: 0px 0px 0px 0px;border-color:#eae9e9;border-style:solid;\" ><div class=\"fusion-builder-row fusion-row\"><div class=\"fusion-layout-column fusion_builder_column fusion-builder-column-0 fusion_builder_column_1_1 1_1 fusion-one-full fusion-column-first fusion-column-last fusion-column-no-min-height\" style=\"margin-top:0px;margin-bottom:0px;\"><div class=\"fusion-column-wrapper fusion-flex-column-wrapper-legacy\" style=\"background-position:left top;background-repeat:no-repeat;-webkit-background-size:cover;-moz-background-size:cover;-o-background-size:cover;background-size:cover;padding: 0px 0px 0px 0px;\"><div class=\"fusion-blog-shortcode fusion-blog-shortcode-1 fusion-blog-archive fusion-blog-layout-grid-wrapper fusion-blog-infinite\"><style type=\"text\/css\">.fusion-blog-shortcode-1 .fusion-blog-layout-grid .fusion-post-grid{padding:20px;}.fusion-blog-shortcode-1 .fusion-posts-container{margin-left: -20px !important; margin-right:-20px !important;}<\/style><div class=\"fusion-posts-container fusion-posts-container-infinite fusion-posts-container-load-more fusion-blog-rollover fusion-blog-layout-grid fusion-blog-layout-grid-3 isotope\" data-pages=\"1\" data-grid-col-space=\"40\" style=\"margin: -20px -20px 0;min-height:500px;\"><article id=\"blog-1-post-2482\" class=\"fusion-post-grid post-2482 post type-post status-publish format-image hentry category-nieuws post_format-post-format-image\">\n<div class=\"fusion-post-wrapper\" style=\"background-color:rgba(255,255,255,1);border:1px solid #efeee8;border-bottom-width:3px;\">\n\n<div class=\"fusion-post-content-wrapper\" style=\"padding:3% 3% 3% 3%;\"><div class=\"fusion-post-content post-content\"><h2 class=\"blog-shortcode-post-title entry-title\"><a href=\"https:\/\/schakel.org\/fr\/maandelijks-programma\/\">Maandelijks programma \/ programme du mois<\/a><\/h2><p class=\"fusion-single-line-meta\"><span class=\"updated\" style=\"display:none;\">2025-05-23T16:49:05+02:00<\/span><span>septembre 2021<\/span><span class=\"fusion-inline-sep\">|<\/span><a href=\"https:\/\/schakel.org\/category\/nieuws\/\" rel=\"category tag\">Nieuws<\/a><span class=\"fusion-inline-sep\">|<\/span><\/p><div class=\"fusion-content-sep sep-single sep-solid\" style=\"border-color:#e0dede;\"><\/div><div class=\"fusion-post-content-container\"><p> programma's De Schakel 2025 (3)     <a href=\"https:\/\/schakel.org\/fr\/maandelijks-programma\/\"><\/a><a href=\"https:\/\/schakel.org\/fr\/maandelijks-programma\/\" title=\"Lees meer\">... <\/a><br><\/p><div class=\"fusion-button-wrapper lees-meer-div\"><a href=\"https:\/\/schakel.org\/fr\/maandelijks-programma\/\" class=\"fusion-button button-flat fusion-button-square button-small fusion-button-span-no lees-meer\" title=\"Lees meer\"><span class=\"fusion-button-text\">Lees meer<\/span><\/a><\/div><\/div><\/div><\/div><div class=\"fusion-clearfix\"><\/div><\/div>\n<\/article>\n<article id=\"blog-1-post-2477\" class=\"fusion-post-grid post-2477 post type-post status-publish format-image has-post-thumbnail hentry category-actualites post_format-post-format-image\">\n<div class=\"fusion-post-wrapper\" style=\"background-color:rgba(255,255,255,1);border:1px solid #efeee8;border-bottom-width:3px;\">\n\n\t\t\t<div class=\"fusion-flexslider flexslider fusion-flexslider-loading fusion-post-slideshow\" style=\"border-color:#efeee8;\">\n\t\t<ul class=\"slides\">\n\t\t\t\n\t\t\t\t\t\t\t\t\t\t\t\t\t\t<li>\n\n<div  class=\"fusion-image-wrapper\" aria-haspopup=\"true\">\n\t\n\t\n\t\n\t\t\n\t\t\t\t\t<img width=\"1123\" height=\"1588\" src=\"https:\/\/schakel.org\/wp-content\/uploads\/2021\/09\/affiche-site-FR.jpg\" class=\"attachment-full size-full lazyload wp-post-image\" alt=\"\" decoding=\"async\" loading=\"lazy\" srcset=\"data:image\/svg+xml,%3Csvg%20xmlns%3D%27http%3A%2F%2Fwww.w3.org%2F2000%2Fsvg%27%20width%3D%271123%27%20height%3D%271588%27%20viewBox%3D%270%200%201123%201588%27%3E%3Crect%20width%3D%271123%27%20height%3D%2731588%27%20fill-opacity%3D%220%22%2F%3E%3C%2Fsvg%3E\" data-orig-src=\"https:\/\/schakel.org\/wp-content\/uploads\/2021\/09\/affiche-site-FR.jpg\" data-srcset=\"https:\/\/schakel.org\/wp-content\/uploads\/2021\/09\/affiche-site-FR-200x283.jpg 200w, https:\/\/schakel.org\/wp-content\/uploads\/2021\/09\/affiche-site-FR-400x566.jpg 400w, https:\/\/schakel.org\/wp-content\/uploads\/2021\/09\/affiche-site-FR-600x848.jpg 600w, https:\/\/schakel.org\/wp-content\/uploads\/2021\/09\/affiche-site-FR-800x1131.jpg 800w, https:\/\/schakel.org\/wp-content\/uploads\/2021\/09\/affiche-site-FR.jpg 1123w\" data-sizes=\"auto\" \/>\n\t\n\n\t\t<div class=\"fusion-rollover\">\n\t<div class=\"fusion-rollover-content\">\n\n\t\t\t\t\t\t\t\t\t\t\t\t\t\t<a class=\"fusion-rollover-link\" href=\"https:\/\/schakel.org\/fr\/journee-de-la-lutte-contre-la-pauvrete-et-lexclusion-sociale\/\">Journ\u00e9e de la lutte contre la pauvret\u00e9 et l&rsquo;exclusion sociale<\/a>\n\t\t\t\n\t\t\t\t\t\t\t\t\n\t\t\t\t\n\t\t\t\t\t\t\t\t\n\t\t\t\t\t\t\t\t\n\t\t\n\t\t\t\t<a class=\"fusion-link-wrapper\" href=\"https:\/\/schakel.org\/fr\/journee-de-la-lutte-contre-la-pauvrete-et-lexclusion-sociale\/\" aria-label=\"Journ\u00e9e de la lutte contre la pauvret\u00e9 et l&rsquo;exclusion sociale\"><\/a>\n\t<\/div>\n<\/div>\n\n\t\n<\/div>\n<\/li>\n\t\t\t\n\t\t\t\n\t\t\t\t\t\t\t\t\t\t\t\t\t\t\t\t\t\t\t\t\t\t\t\t\t\t\t\t\t\t\t\t\t\t\t\t\t\t\t\t\t\t\t\t\t\t\t\t\t\t\t\t\t\t\t\t\t\t\t\t\t\t\t\t\t\t\t\t<\/ul>\n\t<\/div>\n\t<div class=\"fusion-post-content-wrapper\" style=\"padding:3% 3% 3% 3%;\"><div class=\"fusion-post-content post-content\"><h2 class=\"blog-shortcode-post-title entry-title\"><a href=\"https:\/\/schakel.org\/fr\/journee-de-la-lutte-contre-la-pauvrete-et-lexclusion-sociale\/\">Journ\u00e9e de la lutte contre la pauvret\u00e9 et l&rsquo;exclusion sociale<\/a><\/h2><p class=\"fusion-single-line-meta\"><span class=\"updated\" style=\"display:none;\">2021-09-30T15:04:30+02:00<\/span><span>septembre 2021<\/span><span class=\"fusion-inline-sep\">|<\/span><a href=\"https:\/\/schakel.org\/fr\/category\/actualites\/\" rel=\"category tag\">Actualit\u00e9s<\/a><span class=\"fusion-inline-sep\">|<\/span><\/p><div class=\"fusion-content-sep sep-single sep-solid\" style=\"border-color:#e0dede;\"><\/div><div class=\"fusion-post-content-container\"><p> <a href=\"https:\/\/schakel.org\/fr\/journee-de-la-lutte-contre-la-pauvrete-et-lexclusion-sociale\/\"><\/a><a href=\"https:\/\/schakel.org\/fr\/journee-de-la-lutte-contre-la-pauvrete-et-lexclusion-sociale\/\" title=\"Lees meer\">... <\/a><br><\/p><div class=\"fusion-button-wrapper lees-meer-div\"><a href=\"https:\/\/schakel.org\/fr\/journee-de-la-lutte-contre-la-pauvrete-et-lexclusion-sociale\/\" class=\"fusion-button button-flat fusion-button-square button-small fusion-button-span-no lees-meer\" title=\"Lees meer\"><span class=\"fusion-button-text\">Lees meer<\/span><\/a><\/div><\/div><\/div><\/div><div class=\"fusion-clearfix\"><\/div><\/div>\n<\/article>\n<article id=\"blog-1-post-2470\" class=\"fusion-post-grid post-2470 post type-post status-publish format-image has-post-thumbnail hentry category-nieuws post_format-post-format-image\">\n<div class=\"fusion-post-wrapper\" style=\"background-color:rgba(255,255,255,1);border:1px solid #efeee8;border-bottom-width:3px;\">\n\n\t\t\t<div class=\"fusion-flexslider flexslider fusion-flexslider-loading fusion-post-slideshow\" style=\"border-color:#efeee8;\">\n\t\t<ul class=\"slides\">\n\t\t\t\n\t\t\t\t\t\t\t\t\t\t\t\t\t\t<li>\n\n<div  class=\"fusion-image-wrapper\" aria-haspopup=\"true\">\n\t\n\t\n\t\n\t\t\n\t\t\t\t\t<img width=\"1123\" height=\"1588\" src=\"https:\/\/schakel.org\/wp-content\/uploads\/2021\/09\/affiche-site-NL.jpg\" class=\"attachment-full size-full lazyload wp-post-image\" alt=\"\" decoding=\"async\" loading=\"lazy\" srcset=\"data:image\/svg+xml,%3Csvg%20xmlns%3D%27http%3A%2F%2Fwww.w3.org%2F2000%2Fsvg%27%20width%3D%271123%27%20height%3D%271588%27%20viewBox%3D%270%200%201123%201588%27%3E%3Crect%20width%3D%271123%27%20height%3D%2731588%27%20fill-opacity%3D%220%22%2F%3E%3C%2Fsvg%3E\" data-orig-src=\"https:\/\/schakel.org\/wp-content\/uploads\/2021\/09\/affiche-site-NL.jpg\" data-srcset=\"https:\/\/schakel.org\/wp-content\/uploads\/2021\/09\/affiche-site-NL-200x283.jpg 200w, https:\/\/schakel.org\/wp-content\/uploads\/2021\/09\/affiche-site-NL-400x566.jpg 400w, https:\/\/schakel.org\/wp-content\/uploads\/2021\/09\/affiche-site-NL-600x848.jpg 600w, https:\/\/schakel.org\/wp-content\/uploads\/2021\/09\/affiche-site-NL-800x1131.jpg 800w, https:\/\/schakel.org\/wp-content\/uploads\/2021\/09\/affiche-site-NL.jpg 1123w\" data-sizes=\"auto\" \/>\n\t\n\n\t\t<div class=\"fusion-rollover\">\n\t<div class=\"fusion-rollover-content\">\n\n\t\t\t\t\t\t\t\t\t\t\t\t\t\t<a class=\"fusion-rollover-link\" href=\"https:\/\/schakel.org\/fr\/17-10-dag-van-verzet-tegen-armoede-en-sociale-uitsluiting\/\">17\/10 Dag van verzet tegen Armoede en sociale uitsluiting<\/a>\n\t\t\t\n\t\t\t\t\t\t\t\t\n\t\t\t\t\n\t\t\t\t\t\t\t\t\n\t\t\t\t\t\t\t\t\n\t\t\n\t\t\t\t<a class=\"fusion-link-wrapper\" href=\"https:\/\/schakel.org\/fr\/17-10-dag-van-verzet-tegen-armoede-en-sociale-uitsluiting\/\" aria-label=\"17\/10 Dag van verzet tegen Armoede en sociale uitsluiting\"><\/a>\n\t<\/div>\n<\/div>\n\n\t\n<\/div>\n<\/li>\n\t\t\t\n\t\t\t\n\t\t\t\t\t\t\t\t\t\t\t\t\t\t\t\t\t\t\t\t\t\t\t\t\t\t\t\t\t\t\t\t\t\t\t\t\t\t\t\t\t\t\t\t\t\t\t\t\t\t\t\t\t\t\t\t\t\t\t\t\t\t\t\t\t\t\t\t<\/ul>\n\t<\/div>\n\t<div class=\"fusion-post-content-wrapper\" style=\"padding:3% 3% 3% 3%;\"><div class=\"fusion-post-content post-content\"><h2 class=\"blog-shortcode-post-title entry-title\"><a href=\"https:\/\/schakel.org\/fr\/17-10-dag-van-verzet-tegen-armoede-en-sociale-uitsluiting\/\">17\/10 Dag van verzet tegen Armoede en sociale uitsluiting<\/a><\/h2><p class=\"fusion-single-line-meta\"><span class=\"updated\" style=\"display:none;\">2021-09-30T15:01:17+02:00<\/span><span>septembre 2021<\/span><span class=\"fusion-inline-sep\">|<\/span><a href=\"https:\/\/schakel.org\/category\/nieuws\/\" rel=\"category tag\">Nieuws<\/a><span class=\"fusion-inline-sep\">|<\/span><\/p><div class=\"fusion-content-sep sep-single sep-solid\" style=\"border-color:#e0dede;\"><\/div><div class=\"fusion-post-content-container\"><p> <a href=\"https:\/\/schakel.org\/fr\/17-10-dag-van-verzet-tegen-armoede-en-sociale-uitsluiting\/\"><\/a><a href=\"https:\/\/schakel.org\/fr\/17-10-dag-van-verzet-tegen-armoede-en-sociale-uitsluiting\/\" title=\"Lees meer\">... <\/a><br><\/p><div class=\"fusion-button-wrapper lees-meer-div\"><a href=\"https:\/\/schakel.org\/fr\/17-10-dag-van-verzet-tegen-armoede-en-sociale-uitsluiting\/\" class=\"fusion-button button-flat fusion-button-square button-small fusion-button-span-no lees-meer\" title=\"Lees meer\"><span class=\"fusion-button-text\">Lees meer<\/span><\/a><\/div><\/div><\/div><\/div><div class=\"fusion-clearfix\"><\/div><\/div>\n<\/article>\n<article id=\"blog-1-post-2464\" class=\"fusion-post-grid post-2464 post type-post status-publish format-standard has-post-thumbnail hentry category-nieuws\">\n<div class=\"fusion-post-wrapper\" style=\"background-color:rgba(255,255,255,1);border:1px solid #efeee8;border-bottom-width:3px;\">\n\n\t\t\t<div class=\"fusion-flexslider flexslider fusion-flexslider-loading fusion-post-slideshow\" style=\"border-color:#efeee8;\">\n\t\t<ul class=\"slides\">\n\t\t\t\n\t\t\t\t\t\t\t\t\t\t\t\t\t\t<li>\n\n<div  class=\"fusion-image-wrapper\" aria-haspopup=\"true\">\n\t\n\t\n\t\n\t\t\n\t\t\t\t\t<img width=\"800\" height=\"800\" src=\"https:\/\/schakel.org\/wp-content\/uploads\/2019\/09\/ondersteund-door-de-Koning-Boudewijnstichting.jpg\" class=\"attachment-full size-full lazyload wp-post-image\" alt=\"\" decoding=\"async\" loading=\"lazy\" srcset=\"data:image\/svg+xml,%3Csvg%20xmlns%3D%27http%3A%2F%2Fwww.w3.org%2F2000%2Fsvg%27%20width%3D%27800%27%20height%3D%27800%27%20viewBox%3D%270%200%20800%20800%27%3E%3Crect%20width%3D%27800%27%20height%3D%273800%27%20fill-opacity%3D%220%22%2F%3E%3C%2Fsvg%3E\" data-orig-src=\"https:\/\/schakel.org\/wp-content\/uploads\/2019\/09\/ondersteund-door-de-Koning-Boudewijnstichting.jpg\" data-srcset=\"https:\/\/schakel.org\/wp-content\/uploads\/2019\/09\/ondersteund-door-de-Koning-Boudewijnstichting-200x200.jpg 200w, https:\/\/schakel.org\/wp-content\/uploads\/2019\/09\/ondersteund-door-de-Koning-Boudewijnstichting-400x400.jpg 400w, https:\/\/schakel.org\/wp-content\/uploads\/2019\/09\/ondersteund-door-de-Koning-Boudewijnstichting-600x600.jpg 600w, https:\/\/schakel.org\/wp-content\/uploads\/2019\/09\/ondersteund-door-de-Koning-Boudewijnstichting.jpg 800w\" data-sizes=\"auto\" \/>\n\t\n\n\t\t<div class=\"fusion-rollover\">\n\t<div class=\"fusion-rollover-content\">\n\n\t\t\t\t\t\t\t\t\t\t\t\t\t\t<a class=\"fusion-rollover-link\" href=\"https:\/\/schakel.org\/ondersteund-door-de-koning-boudewijnstichting-en-welzijnszorg\/\">Ondersteund door de Koning Boudewijnstichting en Welzijnszorg!<\/a>\n\t\t\t\n\t\t\t\t\t\t\t\t\n\t\t\t\t\n\t\t\t\t\t\t\t\t\n\t\t\t\t\t\t\t\t\n\t\t\n\t\t\t\t<a class=\"fusion-link-wrapper\" href=\"https:\/\/schakel.org\/ondersteund-door-de-koning-boudewijnstichting-en-welzijnszorg\/\" aria-label=\"Ondersteund door de Koning Boudewijnstichting en Welzijnszorg!\"><\/a>\n\t<\/div>\n<\/div>\n\n\t\n<\/div>\n<\/li>\n\t\t\t\n\t\t\t\n\t\t\t\t\t\t\t\t\t\t\t\t\t\t\t\t\t\t\t\t\t\t\t\t\t\t\t\t\t\t\t\t\t\t\t\t\t\t\t\t\t\t\t\t\t\t\t\t\t\t\t\t\t\t\t\t\t\t\t\t\t\t\t\t\t\t\t\t<\/ul>\n\t<\/div>\n\t<div class=\"fusion-post-content-wrapper\" style=\"padding:3% 3% 3% 3%;\"><div class=\"fusion-post-content post-content\"><h2 class=\"blog-shortcode-post-title entry-title\"><a href=\"https:\/\/schakel.org\/ondersteund-door-de-koning-boudewijnstichting-en-welzijnszorg\/\">Ondersteund door de Koning Boudewijnstichting en Welzijnszorg!<\/a><\/h2><p class=\"fusion-single-line-meta\"><span class=\"updated\" style=\"display:none;\">2021-09-30T14:43:25+02:00<\/span><span>septembre 2021<\/span><span class=\"fusion-inline-sep\">|<\/span><a href=\"https:\/\/schakel.org\/category\/nieuws\/\" rel=\"category tag\">Nieuws<\/a><span class=\"fusion-inline-sep\">|<\/span><\/p><div class=\"fusion-content-sep sep-single sep-solid\" style=\"border-color:#e0dede;\"><\/div><div class=\"fusion-post-content-container\"><p>Goed nieuws voor onze werking rond digitale inclusie: de open computerruimte, computerhersteldienst en de wegwijzer e-inclusie worden tot volgende zomer verder ondersteund door de Koning Boudewijnstichting!<\/p><\/div><\/div><\/div><div class=\"fusion-clearfix\"><\/div><\/div>\n<\/article>\n<article id=\"blog-1-post-2134\" class=\"fusion-post-grid post-2134 post type-post status-publish format-standard has-post-thumbnail hentry category-actualites\">\n<div class=\"fusion-post-wrapper\" style=\"background-color:rgba(255,255,255,1);border:1px solid #efeee8;border-bottom-width:3px;\">\n\n\t\t\t<div class=\"fusion-flexslider flexslider fusion-flexslider-loading fusion-post-slideshow\" style=\"border-color:#efeee8;\">\n\t\t<ul class=\"slides\">\n\t\t\t\n\t\t\t\t\t\t\t\t\t\t\t\t\t\t<li>\n\n<div  class=\"fusion-image-wrapper\" aria-haspopup=\"true\">\n\t\n\t\n\t\n\t\t\n\t\t\t\t\t<img width=\"800\" height=\"800\" src=\"https:\/\/schakel.org\/wp-content\/uploads\/2019\/09\/ondersteund-door-de-Koning-Boudewijnstichting.jpg\" class=\"attachment-full size-full lazyload wp-post-image\" alt=\"\" decoding=\"async\" loading=\"lazy\" srcset=\"data:image\/svg+xml,%3Csvg%20xmlns%3D%27http%3A%2F%2Fwww.w3.org%2F2000%2Fsvg%27%20width%3D%27800%27%20height%3D%27800%27%20viewBox%3D%270%200%20800%20800%27%3E%3Crect%20width%3D%27800%27%20height%3D%273800%27%20fill-opacity%3D%220%22%2F%3E%3C%2Fsvg%3E\" data-orig-src=\"https:\/\/schakel.org\/wp-content\/uploads\/2019\/09\/ondersteund-door-de-Koning-Boudewijnstichting.jpg\" data-srcset=\"https:\/\/schakel.org\/wp-content\/uploads\/2019\/09\/ondersteund-door-de-Koning-Boudewijnstichting-200x200.jpg 200w, https:\/\/schakel.org\/wp-content\/uploads\/2019\/09\/ondersteund-door-de-Koning-Boudewijnstichting-400x400.jpg 400w, https:\/\/schakel.org\/wp-content\/uploads\/2019\/09\/ondersteund-door-de-Koning-Boudewijnstichting-600x600.jpg 600w, https:\/\/schakel.org\/wp-content\/uploads\/2019\/09\/ondersteund-door-de-Koning-Boudewijnstichting.jpg 800w\" data-sizes=\"auto\" \/>\n\t\n\n\t\t<div class=\"fusion-rollover\">\n\t<div class=\"fusion-rollover-content\">\n\n\t\t\t\t\t\t\t\t\t\t\t\t\t\t<a class=\"fusion-rollover-link\" href=\"https:\/\/schakel.org\/fr\/soutenu-par-la-fondation-roi-baudouin\/\">Soutenu par la Fondation Roi Baudouin !<\/a>\n\t\t\t\n\t\t\t\t\t\t\t\t\n\t\t\t\t\n\t\t\t\t\t\t\t\t\n\t\t\t\t\t\t\t\t\n\t\t\n\t\t\t\t<a class=\"fusion-link-wrapper\" href=\"https:\/\/schakel.org\/fr\/soutenu-par-la-fondation-roi-baudouin\/\" aria-label=\"Soutenu par la Fondation Roi Baudouin !\"><\/a>\n\t<\/div>\n<\/div>\n\n\t\n<\/div>\n<\/li>\n\t\t\t\n\t\t\t\n\t\t\t\t\t\t\t\t\t\t\t\t\t\t\t\t\t\t\t\t\t\t\t\t\t\t\t\t\t\t\t\t\t\t\t\t\t\t\t\t\t\t\t\t\t\t\t\t\t\t\t\t\t\t\t\t\t\t\t\t\t\t\t\t\t\t\t\t<\/ul>\n\t<\/div>\n\t<div class=\"fusion-post-content-wrapper\" style=\"padding:3% 3% 3% 3%;\"><div class=\"fusion-post-content post-content\"><h2 class=\"blog-shortcode-post-title entry-title\"><a href=\"https:\/\/schakel.org\/fr\/soutenu-par-la-fondation-roi-baudouin\/\">Soutenu par la Fondation Roi Baudouin !<\/a><\/h2><p class=\"fusion-single-line-meta\"><span class=\"updated\" style=\"display:none;\">2020-06-02T10:55:33+02:00<\/span><span>septembre 2019<\/span><span class=\"fusion-inline-sep\">|<\/span><a href=\"https:\/\/schakel.org\/fr\/category\/actualites\/\" rel=\"category tag\">Actualit\u00e9s<\/a><span class=\"fusion-inline-sep\">|<\/span><\/p><div class=\"fusion-content-sep sep-single sep-solid\" style=\"border-color:#e0dede;\"><\/div><div class=\"fusion-post-content-container\"><p>De bonnes nouvelles au sujet de notre activit\u00e9 concernant l'inclusion digitale : l'espace public num\u00e9rique, le service de r\u00e9paration d\u2019ordinateurs et l'indicateur d\u2019e-inclusion seront subsidi\u00e9s jusqu'\u00e0 l'\u00e9t\u00e9 prochain par la Fondation Roi Baudouin.<\/p><\/div><\/div><\/div><div class=\"fusion-clearfix\"><\/div><\/div>\n<\/article>\n<article id=\"blog-1-post-2136\" class=\"fusion-post-grid post-2136 post type-post status-publish format-standard has-post-thumbnail hentry category-actualites\">\n<div class=\"fusion-post-wrapper\" style=\"background-color:rgba(255,255,255,1);border:1px solid #efeee8;border-bottom-width:3px;\">\n\n\t\t\t<div class=\"fusion-flexslider flexslider fusion-flexslider-loading fusion-post-slideshow\" style=\"border-color:#efeee8;\">\n\t\t<ul class=\"slides\">\n\t\t\t\n\t\t\t\t\t\t\t\t\t\t\t\t\t\t<li>\n\n<div  class=\"fusion-image-wrapper\" aria-haspopup=\"true\">\n\t\n\t\n\t\n\t\t\n\t\t\t\t\t<img width=\"800\" height=\"800\" src=\"https:\/\/schakel.org\/wp-content\/uploads\/2019\/09\/Computerhersteldienst.jpg\" class=\"attachment-full size-full lazyload wp-post-image\" alt=\"\" decoding=\"async\" loading=\"lazy\" srcset=\"data:image\/svg+xml,%3Csvg%20xmlns%3D%27http%3A%2F%2Fwww.w3.org%2F2000%2Fsvg%27%20width%3D%27800%27%20height%3D%27800%27%20viewBox%3D%270%200%20800%20800%27%3E%3Crect%20width%3D%27800%27%20height%3D%273800%27%20fill-opacity%3D%220%22%2F%3E%3C%2Fsvg%3E\" data-orig-src=\"https:\/\/schakel.org\/wp-content\/uploads\/2019\/09\/Computerhersteldienst.jpg\" data-srcset=\"https:\/\/schakel.org\/wp-content\/uploads\/2019\/09\/Computerhersteldienst-200x200.jpg 200w, https:\/\/schakel.org\/wp-content\/uploads\/2019\/09\/Computerhersteldienst-400x400.jpg 400w, https:\/\/schakel.org\/wp-content\/uploads\/2019\/09\/Computerhersteldienst-600x600.jpg 600w, https:\/\/schakel.org\/wp-content\/uploads\/2019\/09\/Computerhersteldienst.jpg 800w\" data-sizes=\"auto\" \/>\n\t\n\n\t\t<div class=\"fusion-rollover\">\n\t<div class=\"fusion-rollover-content\">\n\n\t\t\t\t\t\t\t\t\t\t\t\t\t\t<a class=\"fusion-rollover-link\" href=\"https:\/\/schakel.org\/fr\/service-de-reparation-dordinateurs\/\">Service de r\u00e9paration d&rsquo;ordinateurs<\/a>\n\t\t\t\n\t\t\t\t\t\t\t\t\n\t\t\t\t\n\t\t\t\t\t\t\t\t\n\t\t\t\t\t\t\t\t\n\t\t\n\t\t\t\t<a class=\"fusion-link-wrapper\" href=\"https:\/\/schakel.org\/fr\/service-de-reparation-dordinateurs\/\" aria-label=\"Service de r\u00e9paration d&rsquo;ordinateurs\"><\/a>\n\t<\/div>\n<\/div>\n\n\t\n<\/div>\n<\/li>\n\t\t\t\n\t\t\t\n\t\t\t\t\t\t\t\t\t\t\t\t\t\t\t\t\t\t\t\t\t\t\t\t\t\t\t\t\t\t\t\t\t\t\t\t\t\t\t\t\t\t\t\t\t\t\t\t\t\t\t\t\t\t\t\t\t\t\t\t\t\t\t\t\t\t\t\t<\/ul>\n\t<\/div>\n\t<div class=\"fusion-post-content-wrapper\" style=\"padding:3% 3% 3% 3%;\"><div class=\"fusion-post-content post-content\"><h2 class=\"blog-shortcode-post-title entry-title\"><a href=\"https:\/\/schakel.org\/fr\/service-de-reparation-dordinateurs\/\">Service de r\u00e9paration d&rsquo;ordinateurs<\/a><\/h2><p class=\"fusion-single-line-meta\"><span class=\"updated\" style=\"display:none;\">2020-05-26T09:20:28+02:00<\/span><span>septembre 2019<\/span><span class=\"fusion-inline-sep\">|<\/span><a href=\"https:\/\/schakel.org\/fr\/category\/actualites\/\" rel=\"category tag\">Actualit\u00e9s<\/a><span class=\"fusion-inline-sep\">|<\/span><\/p><div class=\"fusion-content-sep sep-single sep-solid\" style=\"border-color:#e0dede;\"><\/div><div class=\"fusion-post-content-container\"><p>Service de r\u00e9paration d\u2019ordinateurs du Partenariat de Quartier \u2013 De Schakel pour les habitants du quartier Brabant. Vous habitez dans le quartier Brabant ou aux environs et votre PC ou votre laptop vous occasionne des probl\u00e8mes ? Passez nous voir et prenez rendez-vous avec Marc. Si n\u00e9cessaire notre service de r\u00e9paration peut se rendre \u00e0 domicile.<\/p><\/div><\/div><\/div><div class=\"fusion-clearfix\"><\/div><\/div>\n<\/article>\n<article id=\"blog-1-post-2138\" class=\"fusion-post-grid post-2138 post type-post status-publish format-standard has-post-thumbnail hentry category-actualites\">\n<div class=\"fusion-post-wrapper\" style=\"background-color:rgba(255,255,255,1);border:1px solid #efeee8;border-bottom-width:3px;\">\n\n\t\t\t<div class=\"fusion-flexslider flexslider fusion-flexslider-loading fusion-post-slideshow\" style=\"border-color:#efeee8;\">\n\t\t<ul class=\"slides\">\n\t\t\t\n\t\t\t\t\t\t\t\t\t\t\t\t\t\t<li>\n\n<div  class=\"fusion-image-wrapper\" aria-haspopup=\"true\">\n\t\n\t\n\t\n\t\t\n\t\t\t\t\t<img width=\"800\" height=\"800\" src=\"https:\/\/schakel.org\/wp-content\/uploads\/2019\/09\/Infosessie-Initiatie-Nederlands.jpg\" class=\"attachment-full size-full lazyload wp-post-image\" alt=\"\" decoding=\"async\" loading=\"lazy\" srcset=\"data:image\/svg+xml,%3Csvg%20xmlns%3D%27http%3A%2F%2Fwww.w3.org%2F2000%2Fsvg%27%20width%3D%27800%27%20height%3D%27800%27%20viewBox%3D%270%200%20800%20800%27%3E%3Crect%20width%3D%27800%27%20height%3D%273800%27%20fill-opacity%3D%220%22%2F%3E%3C%2Fsvg%3E\" data-orig-src=\"https:\/\/schakel.org\/wp-content\/uploads\/2019\/09\/Infosessie-Initiatie-Nederlands.jpg\" data-srcset=\"https:\/\/schakel.org\/wp-content\/uploads\/2019\/09\/Infosessie-Initiatie-Nederlands-200x200.jpg 200w, https:\/\/schakel.org\/wp-content\/uploads\/2019\/09\/Infosessie-Initiatie-Nederlands-400x400.jpg 400w, https:\/\/schakel.org\/wp-content\/uploads\/2019\/09\/Infosessie-Initiatie-Nederlands-600x600.jpg 600w, https:\/\/schakel.org\/wp-content\/uploads\/2019\/09\/Infosessie-Initiatie-Nederlands.jpg 800w\" data-sizes=\"auto\" \/>\n\t\n\n\t\t<div class=\"fusion-rollover\">\n\t<div class=\"fusion-rollover-content\">\n\n\t\t\t\t\t\t\t\t\t\t\t\t\t\t<a class=\"fusion-rollover-link\" href=\"https:\/\/schakel.org\/fr\/seance-dinformation-initiation-au-neerlandais\/\">S\u00e9ance d&rsquo;Information Initiation au N\u00e9erlandais<\/a>\n\t\t\t\n\t\t\t\t\t\t\t\t\n\t\t\t\t\n\t\t\t\t\t\t\t\t\n\t\t\t\t\t\t\t\t\n\t\t\n\t\t\t\t<a class=\"fusion-link-wrapper\" href=\"https:\/\/schakel.org\/fr\/seance-dinformation-initiation-au-neerlandais\/\" aria-label=\"S\u00e9ance d&rsquo;Information Initiation au N\u00e9erlandais\"><\/a>\n\t<\/div>\n<\/div>\n\n\t\n<\/div>\n<\/li>\n\t\t\t\n\t\t\t\n\t\t\t\t\t\t\t\t\t\t\t\t\t\t\t\t\t\t\t\t\t\t\t\t\t\t\t\t\t\t\t\t\t\t\t\t\t\t\t\t\t\t\t\t\t\t\t\t\t\t\t\t\t\t\t\t\t\t\t\t\t\t\t\t\t\t\t\t<\/ul>\n\t<\/div>\n\t<div class=\"fusion-post-content-wrapper\" style=\"padding:3% 3% 3% 3%;\"><div class=\"fusion-post-content post-content\"><h2 class=\"blog-shortcode-post-title entry-title\"><a href=\"https:\/\/schakel.org\/fr\/seance-dinformation-initiation-au-neerlandais\/\">S\u00e9ance d&rsquo;Information Initiation au N\u00e9erlandais<\/a><\/h2><p class=\"fusion-single-line-meta\"><span class=\"updated\" style=\"display:none;\">2020-05-26T08:47:17+02:00<\/span><span>septembre 2019<\/span><span class=\"fusion-inline-sep\">|<\/span><a href=\"https:\/\/schakel.org\/fr\/category\/actualites\/\" rel=\"category tag\">Actualit\u00e9s<\/a><span class=\"fusion-inline-sep\">|<\/span><\/p><div class=\"fusion-content-sep sep-single sep-solid\" style=\"border-color:#e0dede;\"><\/div><div class=\"fusion-post-content-container\"><p>S\u00e9ance d'info , initiation au n\u00e9erlandais le mardi 13 septembre \u00e0 13 h. Vous voulez apprendre les bases du n\u00e9erlandais? Alors, notre initiation hebdomadaire au n\u00e9erlandais vous convient .  Il n'est pas n\u00e9cessaire d'amener du papier et de quoi \u00e9crire. En petit groupe, vous essayez de trouver un sujet qui vous int\u00e9resse. Bienvenue \u00e0 tous! Et, il n'est pas n\u00e9cessaire de s'inscrire. <\/p><\/div><\/div><\/div><div class=\"fusion-clearfix\"><\/div><\/div>\n<\/article>\n<div class=\"fusion-clearfix\"><\/div><\/div><\/div><div class=\"fusion-clearfix\"><\/div><\/div><\/div><\/div><\/div><div class=\"fusion-fullwidth fullwidth-box fusion-builder-row-2 fusion-parallax-none nonhundred-percent-fullwidth non-hundred-percent-height-scrolling lazyload\" style=\"background-color: #f1f0ec;background-position: center center;background-repeat: no-repeat;padding-top:150px;padding-right:0px;padding-bottom:150px;padding-left:0px;margin-bottom: 0px;margin-top: 0px;border-width: 0px 0px 0px 0px;border-color:#eae9e9;border-style:solid;-webkit-background-size:cover;-moz-background-size:cover;-o-background-size:cover;background-size:cover;\" data-bg=\"https:\/\/schakel.org\/wp-content\/uploads\/2019\/08\/footer-blog.jpg\" ><div class=\"fusion-builder-row fusion-row\"><\/div><\/div><\/p>\n","protected":false},"excerpt":{"rendered":"","protected":false},"author":6,"featured_media":0,"parent":2158,"menu_order":0,"comment_status":"closed","ping_status":"closed","template":"100-width.php","meta":[],"_links":{"self":[{"href":"https:\/\/schakel.org\/fr\/wp-json\/wp\/v2\/pages\/2161"}],"collection":[{"href":"https:\/\/schakel.org\/fr\/wp-json\/wp\/v2\/pages"}],"about":[{"href":"https:\/\/schakel.org\/fr\/wp-json\/wp\/v2\/types\/page"}],"author":[{"embeddable":true,"href":"https:\/\/schakel.org\/fr\/wp-json\/wp\/v2\/users\/6"}],"replies":[{"embeddable":true,"href":"https:\/\/schakel.org\/fr\/wp-json\/wp\/v2\/comments?post=2161"}],"version-history":[{"count":2,"href":"https:\/\/schakel.org\/fr\/wp-json\/wp\/v2\/pages\/2161\/revisions"}],"predecessor-version":[{"id":2210,"href":"https:\/\/schakel.org\/fr\/wp-json\/wp\/v2\/pages\/2161\/revisions\/2210"}],"up":[{"embeddable":true,"href":"https:\/\/schakel.org\/fr\/wp-json\/wp\/v2\/pages\/2158"}],"wp:attachment":[{"href":"https:\/\/schakel.org\/fr\/wp-json\/wp\/v2\/media?parent=2161"}],"curies":[{"name":"wp","href":"https:\/\/api.w.org\/{rel}","templated":true}]}}