{"id":2163,"date":"2019-06-14T16:56:50","date_gmt":"2019-06-14T14:56:50","guid":{"rendered":"http:\/\/192.168.2.100:8888\/de-schakel\/nieuws-and-publicaties\/publicaties\/"},"modified":"2019-12-12T10:19:36","modified_gmt":"2019-12-12T09:19:36","slug":"publications","status":"publish","type":"page","link":"https:\/\/schakel.org\/fr\/actualites-et-publications\/publications\/","title":{"rendered":"Publications"},"content":{"rendered":"<p><div class=\"fusion-fullwidth fullwidth-box fusion-builder-row-1 nonhundred-percent-fullwidth non-hundred-percent-height-scrolling\" style=\"background-color: #efeee8;background-position: center bottom;background-repeat: no-repeat;padding-top:7%;padding-right:3%;padding-bottom:3%;padding-left:3%;margin-bottom: 0px;margin-top: 0px;border-width: 0px 0px 0px 0px;border-color:#eae9e9;border-style:solid;\" ><div class=\"fusion-builder-row fusion-row\"><div class=\"fusion-layout-column fusion_builder_column fusion-builder-column-0 fusion_builder_column_1_1 1_1 fusion-one-full fusion-column-first fusion-column-last fusion-column-no-min-height\" style=\"margin-top:0px;margin-bottom:0px;\"><div class=\"fusion-column-wrapper fusion-flex-column-wrapper-legacy\" style=\"background-position:left top;background-repeat:no-repeat;-webkit-background-size:cover;-moz-background-size:cover;-o-background-size:cover;background-size:cover;padding: 0px 0px 0px 0px;\"><div class=\"fusion-blog-shortcode fusion-blog-shortcode-1 fusion-blog-archive fusion-blog-layout-grid-wrapper fusion-blog-infinite\"><style type=\"text\/css\">.fusion-blog-shortcode-1 .fusion-blog-layout-grid .fusion-post-grid{padding:20px;}.fusion-blog-shortcode-1 .fusion-posts-container{margin-left: -20px !important; margin-right:-20px !important;}<\/style><div class=\"fusion-posts-container fusion-posts-container-infinite fusion-posts-container-load-more fusion-blog-rollover fusion-blog-layout-grid fusion-blog-layout-grid-3 isotope\" data-pages=\"1\" data-grid-col-space=\"40\" style=\"margin: -20px -20px 0;min-height:500px;\"><article id=\"blog-1-post-2128\" class=\"fusion-post-grid post-2128 post type-post status-publish format-standard has-post-thumbnail hentry category-presentations category-publications\">\n<div class=\"fusion-post-wrapper\" style=\"background-color:rgba(255,255,255,1);border:1px solid #efeee8;border-bottom-width:3px;\">\n\n\t\t\t<div class=\"fusion-flexslider flexslider fusion-flexslider-loading fusion-post-slideshow\" style=\"border-color:#efeee8;\">\n\t\t<ul class=\"slides\">\n\t\t\t\n\t\t\t\t\t\t\t\t\t\t\t\t\t\t<li>\n\n<div  class=\"fusion-image-wrapper\" aria-haspopup=\"true\">\n\t\n\t\n\t\n\t\t\n\t\t\t\t\t<img width=\"800\" height=\"800\" src=\"https:\/\/schakel.org\/wp-content\/uploads\/2019\/09\/WP-De-Schakel.jpg\" class=\"attachment-full size-full lazyload wp-post-image\" alt=\"\" decoding=\"async\" loading=\"lazy\" srcset=\"data:image\/svg+xml,%3Csvg%20xmlns%3D%27http%3A%2F%2Fwww.w3.org%2F2000%2Fsvg%27%20width%3D%27800%27%20height%3D%27800%27%20viewBox%3D%270%200%20800%20800%27%3E%3Crect%20width%3D%27800%27%20height%3D%273800%27%20fill-opacity%3D%220%22%2F%3E%3C%2Fsvg%3E\" data-orig-src=\"https:\/\/schakel.org\/wp-content\/uploads\/2019\/09\/WP-De-Schakel.jpg\" data-srcset=\"https:\/\/schakel.org\/wp-content\/uploads\/2019\/09\/WP-De-Schakel-200x200.jpg 200w, https:\/\/schakel.org\/wp-content\/uploads\/2019\/09\/WP-De-Schakel-400x400.jpg 400w, https:\/\/schakel.org\/wp-content\/uploads\/2019\/09\/WP-De-Schakel-600x600.jpg 600w, https:\/\/schakel.org\/wp-content\/uploads\/2019\/09\/WP-De-Schakel.jpg 800w\" data-sizes=\"auto\" \/>\n\t\n\n\t\t<div class=\"fusion-rollover\">\n\t<div class=\"fusion-rollover-content\">\n\n\t\t\t\t\t\t\t\t\t\t\t\t\t\t<a class=\"fusion-rollover-link\" href=\"https:\/\/schakel.org\/fr\/porte-ouverte\/\">Porte Ouverte<\/a>\n\t\t\t\n\t\t\t\t\t\t\t\t\n\t\t\t\t\n\t\t\t\t\t\t\t\t\n\t\t\t\t\t\t\t\t\n\t\t\n\t\t\t\t<a class=\"fusion-link-wrapper\" href=\"https:\/\/schakel.org\/fr\/porte-ouverte\/\" aria-label=\"Porte Ouverte\"><\/a>\n\t<\/div>\n<\/div>\n\n\t\n<\/div>\n<\/li>\n\t\t\t\n\t\t\t\n\t\t\t\t\t\t\t\t\t\t\t\t\t\t\t\t\t\t\t\t\t\t\t\t\t\t\t\t\t\t\t\t\t\t\t\t\t\t\t\t\t\t\t\t\t\t\t\t\t\t\t\t\t\t\t\t\t\t\t\t\t\t\t\t\t\t\t\t<\/ul>\n\t<\/div>\n\t<div class=\"fusion-post-content-wrapper\" style=\"padding:3% 3% 3% 3%;\"><div class=\"fusion-post-content post-content\"><h2 class=\"blog-shortcode-post-title entry-title\"><a href=\"https:\/\/schakel.org\/fr\/porte-ouverte\/\">Porte Ouverte<\/a><\/h2><p class=\"fusion-single-line-meta\"><span class=\"updated\" style=\"display:none;\">2020-06-02T11:34:54+02:00<\/span><span>septembre 2019<\/span><span class=\"fusion-inline-sep\">|<\/span><a href=\"https:\/\/schakel.org\/fr\/category\/publications\/presentations\/\" rel=\"category tag\">Pr\u00e9sentations<\/a>, <a href=\"https:\/\/schakel.org\/fr\/category\/publications\/\" rel=\"category tag\">Publications<\/a><span class=\"fusion-inline-sep\">|<\/span><\/p><div class=\"fusion-content-sep sep-single sep-solid\" style=\"border-color:#e0dede;\"><\/div><div class=\"fusion-post-content-container\"><p>Fin avril, le Partenariat de Quartier \u2013 De Schakel a ouvert ses portes au r\u00e9seau schaerbeekois de services sociaux et aux travailleurs sociaux du CPAS (CASS). L'objectif de ces portes ouvertes, organis\u00e9es par le CASS, est de permettre aux travailleurs sociaux de mieux connaitre le r\u00e9seau social et ainsi de mieux accompagner et orienter leur public cible.<\/p><\/div><\/div><\/div><div class=\"fusion-clearfix\"><\/div><\/div>\n<\/article>\n<article id=\"blog-1-post-2130\" class=\"fusion-post-grid post-2130 post type-post status-publish format-standard has-post-thumbnail hentry category-presentations category-publications\">\n<div class=\"fusion-post-wrapper\" style=\"background-color:rgba(255,255,255,1);border:1px solid #efeee8;border-bottom-width:3px;\">\n\n\t\t\t<div class=\"fusion-flexslider flexslider fusion-flexslider-loading fusion-post-slideshow\" style=\"border-color:#efeee8;\">\n\t\t<ul class=\"slides\">\n\t\t\t\n\t\t\t\t\t\t\t\t\t\t\t\t\t\t<li>\n\n<div  class=\"fusion-image-wrapper\" aria-haspopup=\"true\">\n\t\n\t\n\t\n\t\t\n\t\t\t\t\t<img width=\"800\" height=\"800\" src=\"https:\/\/schakel.org\/wp-content\/uploads\/2019\/09\/digitalisering-van-publieke-diensten.jpg\" class=\"attachment-full size-full lazyload wp-post-image\" alt=\"\" decoding=\"async\" loading=\"lazy\" srcset=\"data:image\/svg+xml,%3Csvg%20xmlns%3D%27http%3A%2F%2Fwww.w3.org%2F2000%2Fsvg%27%20width%3D%27800%27%20height%3D%27800%27%20viewBox%3D%270%200%20800%20800%27%3E%3Crect%20width%3D%27800%27%20height%3D%273800%27%20fill-opacity%3D%220%22%2F%3E%3C%2Fsvg%3E\" data-orig-src=\"https:\/\/schakel.org\/wp-content\/uploads\/2019\/09\/digitalisering-van-publieke-diensten.jpg\" data-srcset=\"https:\/\/schakel.org\/wp-content\/uploads\/2019\/09\/digitalisering-van-publieke-diensten-200x200.jpg 200w, https:\/\/schakel.org\/wp-content\/uploads\/2019\/09\/digitalisering-van-publieke-diensten-400x400.jpg 400w, https:\/\/schakel.org\/wp-content\/uploads\/2019\/09\/digitalisering-van-publieke-diensten-600x600.jpg 600w, https:\/\/schakel.org\/wp-content\/uploads\/2019\/09\/digitalisering-van-publieke-diensten.jpg 800w\" data-sizes=\"auto\" \/>\n\t\n\n\t\t<div class=\"fusion-rollover\">\n\t<div class=\"fusion-rollover-content\">\n\n\t\t\t\t\t\t\t\t\t\t\t\t\t\t<a class=\"fusion-rollover-link\" href=\"https:\/\/schakel.org\/fr\/numerisation-des-services-publics\/\">Num\u00e9risation des services publics<\/a>\n\t\t\t\n\t\t\t\t\t\t\t\t\n\t\t\t\t\n\t\t\t\t\t\t\t\t\n\t\t\t\t\t\t\t\t\n\t\t\n\t\t\t\t<a class=\"fusion-link-wrapper\" href=\"https:\/\/schakel.org\/fr\/numerisation-des-services-publics\/\" aria-label=\"Num\u00e9risation des services publics\"><\/a>\n\t<\/div>\n<\/div>\n\n\t\n<\/div>\n<\/li>\n\t\t\t\n\t\t\t\n\t\t\t\t\t\t\t\t\t\t\t\t\t\t\t\t\t\t\t\t\t\t\t\t\t\t\t\t\t\t\t\t\t\t\t\t\t\t\t\t\t\t\t\t\t\t\t\t\t\t\t\t\t\t\t\t\t\t\t\t\t\t\t\t\t\t\t\t<\/ul>\n\t<\/div>\n\t<div class=\"fusion-post-content-wrapper\" style=\"padding:3% 3% 3% 3%;\"><div class=\"fusion-post-content post-content\"><h2 class=\"blog-shortcode-post-title entry-title\"><a href=\"https:\/\/schakel.org\/fr\/numerisation-des-services-publics\/\">Num\u00e9risation des services publics<\/a><\/h2><p class=\"fusion-single-line-meta\"><span class=\"updated\" style=\"display:none;\">2020-06-02T11:26:12+02:00<\/span><span>septembre 2019<\/span><span class=\"fusion-inline-sep\">|<\/span><a href=\"https:\/\/schakel.org\/fr\/category\/publications\/presentations\/\" rel=\"category tag\">Pr\u00e9sentations<\/a>, <a href=\"https:\/\/schakel.org\/fr\/category\/publications\/\" rel=\"category tag\">Publications<\/a><span class=\"fusion-inline-sep\">|<\/span><\/p><div class=\"fusion-content-sep sep-single sep-solid\" style=\"border-color:#e0dede;\"><\/div><div class=\"fusion-post-content-container\"><p>Le Partenariat de Quartier \u2013 De Schakel a expos\u00e9 son projet digital lors du s\u00e9minaire organis\u00e9 fin mai par Lire et Ecrire. Le s\u00e9minaire a mis en question l'effet de la digitalisation des services publics pour un public vuln\u00e9rable. La pr\u00e9sentation donne un bon aper\u00e7u de notre projet digital et refl\u00e8te notre vision, en tant qu'association active dans la lutte contre la pauvret\u00e9, \u00e0 propos de la digitalisation.<\/p><\/div><\/div><\/div><div class=\"fusion-clearfix\"><\/div><\/div>\n<\/article>\n<article id=\"blog-1-post-2132\" class=\"fusion-post-grid post-2132 post type-post status-publish format-standard has-post-thumbnail hentry category-presentations category-publications\">\n<div class=\"fusion-post-wrapper\" style=\"background-color:rgba(255,255,255,1);border:1px solid #efeee8;border-bottom-width:3px;\">\n\n\t\t\t<div class=\"fusion-flexslider flexslider fusion-flexslider-loading fusion-post-slideshow\" style=\"border-color:#efeee8;\">\n\t\t<ul class=\"slides\">\n\t\t\t\n\t\t\t\t\t\t\t\t\t\t\t\t\t\t<li>\n\n<div  class=\"fusion-image-wrapper\" aria-haspopup=\"true\">\n\t\n\t\n\t\n\t\t\n\t\t\t\t\t<img width=\"800\" height=\"800\" src=\"https:\/\/schakel.org\/wp-content\/uploads\/2019\/09\/participatief-en-praktijkgericht-burgerschapstraject.jpg\" class=\"attachment-full size-full lazyload wp-post-image\" alt=\"\" decoding=\"async\" loading=\"lazy\" srcset=\"data:image\/svg+xml,%3Csvg%20xmlns%3D%27http%3A%2F%2Fwww.w3.org%2F2000%2Fsvg%27%20width%3D%27800%27%20height%3D%27800%27%20viewBox%3D%270%200%20800%20800%27%3E%3Crect%20width%3D%27800%27%20height%3D%273800%27%20fill-opacity%3D%220%22%2F%3E%3C%2Fsvg%3E\" data-orig-src=\"https:\/\/schakel.org\/wp-content\/uploads\/2019\/09\/participatief-en-praktijkgericht-burgerschapstraject.jpg\" data-srcset=\"https:\/\/schakel.org\/wp-content\/uploads\/2019\/09\/participatief-en-praktijkgericht-burgerschapstraject-200x200.jpg 200w, https:\/\/schakel.org\/wp-content\/uploads\/2019\/09\/participatief-en-praktijkgericht-burgerschapstraject-400x400.jpg 400w, https:\/\/schakel.org\/wp-content\/uploads\/2019\/09\/participatief-en-praktijkgericht-burgerschapstraject-600x600.jpg 600w, https:\/\/schakel.org\/wp-content\/uploads\/2019\/09\/participatief-en-praktijkgericht-burgerschapstraject.jpg 800w\" data-sizes=\"auto\" \/>\n\t\n\n\t\t<div class=\"fusion-rollover\">\n\t<div class=\"fusion-rollover-content\">\n\n\t\t\t\t\t\t\t\t\t\t\t\t\t\t<a class=\"fusion-rollover-link\" href=\"https:\/\/schakel.org\/fr\/parcours-de-citoyennete-participatif-oriente-vers-la-pratique\/\">Parcours de citoyennet\u00e9 participatif orient\u00e9 vers la pratique<\/a>\n\t\t\t\n\t\t\t\t\t\t\t\t\n\t\t\t\t\n\t\t\t\t\t\t\t\t\n\t\t\t\t\t\t\t\t\n\t\t\n\t\t\t\t<a class=\"fusion-link-wrapper\" href=\"https:\/\/schakel.org\/fr\/parcours-de-citoyennete-participatif-oriente-vers-la-pratique\/\" aria-label=\"Parcours de citoyennet\u00e9 participatif orient\u00e9 vers la pratique\"><\/a>\n\t<\/div>\n<\/div>\n\n\t\n<\/div>\n<\/li>\n\t\t\t\n\t\t\t\n\t\t\t\t\t\t\t\t\t\t\t\t\t\t\t\t\t\t\t\t\t\t\t\t\t\t\t\t\t\t\t\t\t\t\t\t\t\t\t\t\t\t\t\t\t\t\t\t\t\t\t\t\t\t\t\t\t\t\t\t\t\t\t\t\t\t\t\t<\/ul>\n\t<\/div>\n\t<div class=\"fusion-post-content-wrapper\" style=\"padding:3% 3% 3% 3%;\"><div class=\"fusion-post-content post-content\"><h2 class=\"blog-shortcode-post-title entry-title\"><a href=\"https:\/\/schakel.org\/fr\/parcours-de-citoyennete-participatif-oriente-vers-la-pratique\/\">Parcours de citoyennet\u00e9 participatif orient\u00e9 vers la pratique<\/a><\/h2><p class=\"fusion-single-line-meta\"><span class=\"updated\" style=\"display:none;\">2020-06-02T11:20:40+02:00<\/span><span>septembre 2019<\/span><span class=\"fusion-inline-sep\">|<\/span><a href=\"https:\/\/schakel.org\/fr\/category\/publications\/presentations\/\" rel=\"category tag\">Pr\u00e9sentations<\/a>, <a href=\"https:\/\/schakel.org\/fr\/category\/publications\/\" rel=\"category tag\">Publications<\/a><span class=\"fusion-inline-sep\">|<\/span><\/p><div class=\"fusion-content-sep sep-single sep-solid\" style=\"border-color:#e0dede;\"><\/div><div class=\"fusion-post-content-container\"><p>S'appuyant sur son double objectif, la lutte contre la pauvret\u00e9 et le d\u00e9veloppement social du quartier, l'asbl Partenariat de Quartier \u2013 De Schakel a mis en place un programme participatif d'accession \u00e0 la citoyennet\u00e9 ax\u00e9 sur la pratique, qui s'est d\u00e9roul\u00e9 de novembre 2017 \u00e0 d\u00e9cembre 2018.  Le contenu concret du programme fut amen\u00e9 par les visiteurs de l'asbl Partenariat de Quartier \u2013 De Schakel. Pour encourager la participation, la pratique a toujours servi de point de d\u00e9part. <\/p><\/div><\/div><\/div><div class=\"fusion-clearfix\"><\/div><\/div>\n<\/article>\n<div class=\"fusion-clearfix\"><\/div><\/div><\/div><div class=\"fusion-clearfix\"><\/div><\/div><\/div><\/div><\/div><div class=\"fusion-fullwidth fullwidth-box fusion-builder-row-2 fusion-parallax-none nonhundred-percent-fullwidth non-hundred-percent-height-scrolling lazyload\" style=\"background-color: #f1f0ec;background-position: center center;background-repeat: no-repeat;padding-top:150px;padding-right:0px;padding-bottom:150px;padding-left:0px;margin-bottom: 0px;margin-top: 0px;border-width: 0px 0px 0px 0px;border-color:#eae9e9;border-style:solid;-webkit-background-size:cover;-moz-background-size:cover;-o-background-size:cover;background-size:cover;\" data-bg=\"https:\/\/schakel.org\/wp-content\/uploads\/2019\/08\/footer-blog.jpg\" ><div class=\"fusion-builder-row fusion-row\"><\/div><\/div><\/p>\n","protected":false},"excerpt":{"rendered":"","protected":false},"author":6,"featured_media":0,"parent":2158,"menu_order":0,"comment_status":"closed","ping_status":"closed","template":"100-width.php","meta":[],"_links":{"self":[{"href":"https:\/\/schakel.org\/fr\/wp-json\/wp\/v2\/pages\/2163"}],"collection":[{"href":"https:\/\/schakel.org\/fr\/wp-json\/wp\/v2\/pages"}],"about":[{"href":"https:\/\/schakel.org\/fr\/wp-json\/wp\/v2\/types\/page"}],"author":[{"embeddable":true,"href":"https:\/\/schakel.org\/fr\/wp-json\/wp\/v2\/users\/6"}],"replies":[{"embeddable":true,"href":"https:\/\/schakel.org\/fr\/wp-json\/wp\/v2\/comments?post=2163"}],"version-history":[{"count":2,"href":"https:\/\/schakel.org\/fr\/wp-json\/wp\/v2\/pages\/2163\/revisions"}],"predecessor-version":[{"id":2211,"href":"https:\/\/schakel.org\/fr\/wp-json\/wp\/v2\/pages\/2163\/revisions\/2211"}],"up":[{"embeddable":true,"href":"https:\/\/schakel.org\/fr\/wp-json\/wp\/v2\/pages\/2158"}],"wp:attachment":[{"href":"https:\/\/schakel.org\/fr\/wp-json\/wp\/v2\/media?parent=2163"}],"curies":[{"name":"wp","href":"https:\/\/api.w.org\/{rel}","templated":true}]}}